{"id":825,"date":"2021-01-31T19:42:15","date_gmt":"2021-01-31T18:42:15","guid":{"rendered":"https:\/\/www.pressta-eisele.eu\/produkt\/apollo-2a-2a-plus-dvojhlava-zvaracka-pvc-profilov\/"},"modified":"2021-01-31T21:25:41","modified_gmt":"2021-01-31T20:25:41","slug":"apollo-2a-2a-plus-dvojhlava-zvaracka-pvc-profilov","status":"publish","type":"product","link":"https:\/\/www.pressta-eisele.eu\/hu\/produkt\/apollo-2a-2a-plus-dvojhlava-zvaracka-pvc-profilov\/","title":{"rendered":"APOLLO 2A\/2A PLUS &#8211; Dvojhlav\u00e1 zv\u00e1ra\u010dka PVC profilov"},"content":{"rendered":"","protected":false},"excerpt":{"rendered":"<ul>\n<li>Trvale stabiln\u00e1 mas\u00edvna kon\u0161trukcia r\u00e1mu a zv\u00e1rac\u00edch agreg\u00e1tov.<\/li>\n<li>Plne automatick\u00fd pracovn\u00fd cyklus riaden\u00fd inteligentn\u00fdm PLC procesorom.<\/li>\n<li>Teplota zrkadiel pr\u00edsne str\u00e1\u017een\u00e1 digit\u00e1lnymi PID regul\u00e1tormi s autotuningom.<\/li>\n<li>Zv\u00e1racie agreg\u00e1ty a ich pohybliv\u00e9 \u010dasti ulo\u017een\u00e9 na line\u00e1rnych ko\u013eajov\u00fdch vedeniach s\u00fa z\u00e1rukou plynul\u00e9ho chodu, presnosti a dlhodobej \u017eivotnosti.<\/li>\n<li>Pohodln\u00e9 ovl\u00e1danie stroja priamo z panelu agreg\u00e1ta.<\/li>\n<li><font size=&quot;4&quot;><B>APOLLO 2A<\/font size=&quot;4&quot;><\/B><\/li>\n<li>r\u00fdchlov\u00fdmenn\u00fd syst\u00e9m tefl\u00f3novej f\u00f3lie<\/li>\n<li>r\u00fdchlov\u00fdmenn\u00fd syst\u00e9m zv\u00e1rac\u00edch pr\u00edlo\u017eiek<\/li>\n<li>mo\u017enos\u0165 zv\u00e1rania na oboch  hlav\u00e1ch v rozsahu 180\u00b0-40\u00b0<\/li>\n<li>dvoj\u010dinn\u00e1 brzda pohybliv\u00e9ho agreg\u00e1tu (elimin\u00e1cia chyby obsluhy a pam\u00e4\u0165 predch\u00e1dzaj\u00faceho rozmeru)<\/li>\n<li><font size=&quot;4&quot;><B>APOLLO 2A PLUS<\/font size=&quot;4&quot;><\/B><\/li>\n<li>r\u00fdchlov\u00fdmenn\u00fd syst\u00e9m tefl\u00f3novej f\u00f3lie<\/li>\n<li>r\u00fdchlov\u00fdmenn\u00fd syst\u00e9m zv\u00e1rac\u00edch pr\u00edlo\u017eiek<\/li>\n<li>mo\u017enos\u0165 zv\u00e1rania na oboch hlav\u00e1ch v rozsahu 180\u00b0-40\u00b0<\/li>\n<li>dvoj\u010dinn\u00e1 brzda pohybliv\u00e9ho agreg\u00e1tu (elimin\u00e1cia chyby obsluhy a pam\u00e4\u0165 predch\u00e1dzaj\u00faceho rozmeru)<\/li>\n<li>prestavenie ohrani\u010denia 0,2-2 mm do 2 min\u00fat<\/li>\n<li>vyhrievan\u00e9 ohrani\u010dovacie no\u017ee<\/li>\n<li>z\u00e1padkov\u00fd doraz<\/li>\n<\/ul>\n","protected":false},"featured_media":826,"comment_status":"closed","ping_status":"open","template":"","meta":{"_monsterinsights_skip_tracking":false,"_monsterinsights_sitenote_active":false,"_monsterinsights_sitenote_note":"","_monsterinsights_sitenote_category":0},"product_brand":[],"product_cat":[38],"product_tag":[],"class_list":{"0":"post-825","1":"product","2":"type-product","3":"status-publish","4":"has-post-thumbnail","6":"product_cat-zvaranie-profilov-a-zacistovanie-rohov","8":"first","9":"instock","10":"product-type-simple"},"yoast_head":"<!-- This site is optimized with the Yoast SEO plugin v27.5 - https:\/\/yoast.com\/product\/yoast-seo-wordpress\/ -->\n<title>APOLLO 2A\/2A PLUS - Dvojhlav\u00e1 zv\u00e1ra\u010dka PVC profilov - Pressta Eisele \u010cS<\/title>\n<meta name=\"robots\" content=\"index, follow, max-snippet:-1, max-image-preview:large, max-video-preview:-1\" \/>\n<link rel=\"canonical\" href=\"https:\/\/www.pressta-eisele.eu\/hu\/produkt\/apollo-2a-2a-plus-dvojhlava-zvaracka-pvc-profilov\/\" \/>\n<meta property=\"og:locale\" content=\"hu_HU\" \/>\n<meta property=\"og:type\" content=\"article\" \/>\n<meta property=\"og:title\" content=\"APOLLO 2A\/2A PLUS - Dvojhlav\u00e1 zv\u00e1ra\u010dka PVC profilov - Pressta Eisele \u010cS\" \/>\n<meta property=\"og:description\" content=\"Trvale stabiln\u00e1 mas\u00edvna kon\u0161trukcia r\u00e1mu a zv\u00e1rac\u00edch agreg\u00e1tov.Plne automatick\u00fd pracovn\u00fd cyklus riaden\u00fd inteligentn\u00fdm PLC procesorom.Teplota zrkadiel pr\u00edsne str\u00e1\u017een\u00e1 digit\u00e1lnymi PID regul\u00e1tormi s autotuningom.Zv\u00e1racie agreg\u00e1ty a ich pohybliv\u00e9 \u010dasti ulo\u017een\u00e9 na line\u00e1rnych ko\u013eajov\u00fdch vedeniach s\u00fa z\u00e1rukou plynul\u00e9ho chodu, presnosti a dlhodobej \u017eivotnosti.Pohodln\u00e9 ovl\u00e1danie stroja priamo z panelu agreg\u00e1ta.APOLLO 2Ar\u00fdchlov\u00fdmenn\u00fd syst\u00e9m tefl\u00f3novej f\u00f3lier\u00fdchlov\u00fdmenn\u00fd syst\u00e9m zv\u00e1rac\u00edch pr\u00edlo\u017eiekmo\u017enos\u0165 zv\u00e1rania na oboch hlav\u00e1ch v rozsahu 180\u00b0-40\u00b0dvoj\u010dinn\u00e1 brzda pohybliv\u00e9ho agreg\u00e1tu (elimin\u00e1cia chyby obsluhy a pam\u00e4\u0165 predch\u00e1dzaj\u00faceho rozmeru)APOLLO 2A PLUSr\u00fdchlov\u00fdmenn\u00fd syst\u00e9m tefl\u00f3novej f\u00f3lier\u00fdchlov\u00fdmenn\u00fd syst\u00e9m zv\u00e1rac\u00edch pr\u00edlo\u017eiekmo\u017enos\u0165 zv\u00e1rania na oboch hlav\u00e1ch v rozsahu 180\u00b0-40\u00b0dvoj\u010dinn\u00e1 brzda pohybliv\u00e9ho agreg\u00e1tu (elimin\u00e1cia chyby obsluhy a pam\u00e4\u0165 predch\u00e1dzaj\u00faceho rozmeru)prestavenie ohrani\u010denia 0,2-2 mm do 2 min\u00fatvyhrievan\u00e9 ohrani\u010dovacie no\u017eez\u00e1padkov\u00fd doraz\" \/>\n<meta property=\"og:url\" content=\"https:\/\/www.pressta-eisele.eu\/hu\/produkt\/apollo-2a-2a-plus-dvojhlava-zvaracka-pvc-profilov\/\" \/>\n<meta property=\"og:site_name\" content=\"Pressta Eisele \u010cS\" \/>\n<meta property=\"article:modified_time\" content=\"2021-01-31T20:25:41+00:00\" \/>\n<meta property=\"og:image\" content=\"https:\/\/www.pressta-eisele.eu\/wp-content\/uploads\/2021\/01\/102.jpg\" \/>\n\t<meta property=\"og:image:width\" content=\"700\" \/>\n\t<meta property=\"og:image:height\" content=\"453\" \/>\n\t<meta property=\"og:image:type\" content=\"image\/jpeg\" \/>\n<meta name=\"twitter:card\" content=\"summary_large_image\" \/>\n<script type=\"application\/ld+json\" class=\"yoast-schema-graph\">{\"@context\":\"https:\\\/\\\/schema.org\",\"@graph\":[{\"@type\":\"WebPage\",\"@id\":\"https:\\\/\\\/www.pressta-eisele.eu\\\/hu\\\/produkt\\\/apollo-2a-2a-plus-dvojhlava-zvaracka-pvc-profilov\\\/\",\"url\":\"https:\\\/\\\/www.pressta-eisele.eu\\\/hu\\\/produkt\\\/apollo-2a-2a-plus-dvojhlava-zvaracka-pvc-profilov\\\/\",\"name\":\"APOLLO 2A\\\/2A PLUS - Dvojhlav\u00e1 zv\u00e1ra\u010dka PVC profilov - Pressta Eisele \u010cS\",\"isPartOf\":{\"@id\":\"https:\\\/\\\/www.pressta-eisele.eu\\\/hu\\\/#website\"},\"primaryImageOfPage\":{\"@id\":\"https:\\\/\\\/www.pressta-eisele.eu\\\/hu\\\/produkt\\\/apollo-2a-2a-plus-dvojhlava-zvaracka-pvc-profilov\\\/#primaryimage\"},\"image\":{\"@id\":\"https:\\\/\\\/www.pressta-eisele.eu\\\/hu\\\/produkt\\\/apollo-2a-2a-plus-dvojhlava-zvaracka-pvc-profilov\\\/#primaryimage\"},\"thumbnailUrl\":\"https:\\\/\\\/www.pressta-eisele.eu\\\/wp-content\\\/uploads\\\/2021\\\/01\\\/102.jpg\",\"datePublished\":\"2021-01-31T18:42:15+00:00\",\"dateModified\":\"2021-01-31T20:25:41+00:00\",\"breadcrumb\":{\"@id\":\"https:\\\/\\\/www.pressta-eisele.eu\\\/hu\\\/produkt\\\/apollo-2a-2a-plus-dvojhlava-zvaracka-pvc-profilov\\\/#breadcrumb\"},\"inLanguage\":\"hu\",\"potentialAction\":[{\"@type\":\"ReadAction\",\"target\":[\"https:\\\/\\\/www.pressta-eisele.eu\\\/hu\\\/produkt\\\/apollo-2a-2a-plus-dvojhlava-zvaracka-pvc-profilov\\\/\"]}]},{\"@type\":\"ImageObject\",\"inLanguage\":\"hu\",\"@id\":\"https:\\\/\\\/www.pressta-eisele.eu\\\/hu\\\/produkt\\\/apollo-2a-2a-plus-dvojhlava-zvaracka-pvc-profilov\\\/#primaryimage\",\"url\":\"https:\\\/\\\/www.pressta-eisele.eu\\\/wp-content\\\/uploads\\\/2021\\\/01\\\/102.jpg\",\"contentUrl\":\"https:\\\/\\\/www.pressta-eisele.eu\\\/wp-content\\\/uploads\\\/2021\\\/01\\\/102.jpg\",\"width\":700,\"height\":453,\"caption\":\"APOLLO 2A\\\/2A PLUS - Dvojhlav\u00e1 zv\u00e1ra\u010dka PVC profilov\"},{\"@type\":\"BreadcrumbList\",\"@id\":\"https:\\\/\\\/www.pressta-eisele.eu\\\/hu\\\/produkt\\\/apollo-2a-2a-plus-dvojhlava-zvaracka-pvc-profilov\\\/#breadcrumb\",\"itemListElement\":[{\"@type\":\"ListItem\",\"position\":1,\"name\":\"Home\",\"item\":\"https:\\\/\\\/www.pressta-eisele.eu\\\/hu\\\/\"},{\"@type\":\"ListItem\",\"position\":2,\"name\":\"Shop\",\"item\":\"https:\\\/\\\/www.pressta-eisele.eu\\\/hu\\\/shop\\\/\"},{\"@type\":\"ListItem\",\"position\":3,\"name\":\"APOLLO 2A\\\/2A PLUS &#8211; Dvojhlav\u00e1 zv\u00e1ra\u010dka PVC profilov\"}]},{\"@type\":\"WebSite\",\"@id\":\"https:\\\/\\\/www.pressta-eisele.eu\\\/hu\\\/#website\",\"url\":\"https:\\\/\\\/www.pressta-eisele.eu\\\/hu\\\/\",\"name\":\"Pressta Eisele \u010cS\",\"description\":\"Vitajte vo svete produktivity\",\"publisher\":{\"@id\":\"https:\\\/\\\/www.pressta-eisele.eu\\\/hu\\\/#organization\"},\"potentialAction\":[{\"@type\":\"SearchAction\",\"target\":{\"@type\":\"EntryPoint\",\"urlTemplate\":\"https:\\\/\\\/www.pressta-eisele.eu\\\/hu\\\/?s={search_term_string}\"},\"query-input\":{\"@type\":\"PropertyValueSpecification\",\"valueRequired\":true,\"valueName\":\"search_term_string\"}}],\"inLanguage\":\"hu\"},{\"@type\":\"Organization\",\"@id\":\"https:\\\/\\\/www.pressta-eisele.eu\\\/hu\\\/#organization\",\"name\":\"Pressta Eisele \u010cS\",\"url\":\"https:\\\/\\\/www.pressta-eisele.eu\\\/hu\\\/\",\"logo\":{\"@type\":\"ImageObject\",\"inLanguage\":\"hu\",\"@id\":\"https:\\\/\\\/www.pressta-eisele.eu\\\/hu\\\/#\\\/schema\\\/logo\\\/image\\\/\",\"url\":\"https:\\\/\\\/www.pressta-eisele.eu\\\/wp-content\\\/uploads\\\/2020\\\/11\\\/pressta-logo-01v.svg\",\"contentUrl\":\"https:\\\/\\\/www.pressta-eisele.eu\\\/wp-content\\\/uploads\\\/2020\\\/11\\\/pressta-logo-01v.svg\",\"caption\":\"Pressta Eisele \u010cS\"},\"image\":{\"@id\":\"https:\\\/\\\/www.pressta-eisele.eu\\\/hu\\\/#\\\/schema\\\/logo\\\/image\\\/\"}}]}<\/script>\n<!-- \/ Yoast SEO plugin. -->","yoast_head_json":{"title":"APOLLO 2A\/2A PLUS - Dvojhlav\u00e1 zv\u00e1ra\u010dka PVC profilov - Pressta Eisele \u010cS","robots":{"index":"index","follow":"follow","max-snippet":"max-snippet:-1","max-image-preview":"max-image-preview:large","max-video-preview":"max-video-preview:-1"},"canonical":"https:\/\/www.pressta-eisele.eu\/hu\/produkt\/apollo-2a-2a-plus-dvojhlava-zvaracka-pvc-profilov\/","og_locale":"hu_HU","og_type":"article","og_title":"APOLLO 2A\/2A PLUS - Dvojhlav\u00e1 zv\u00e1ra\u010dka PVC profilov - Pressta Eisele \u010cS","og_description":"Trvale stabiln\u00e1 mas\u00edvna kon\u0161trukcia r\u00e1mu a zv\u00e1rac\u00edch agreg\u00e1tov.Plne automatick\u00fd pracovn\u00fd cyklus riaden\u00fd inteligentn\u00fdm PLC procesorom.Teplota zrkadiel pr\u00edsne str\u00e1\u017een\u00e1 digit\u00e1lnymi PID regul\u00e1tormi s autotuningom.Zv\u00e1racie agreg\u00e1ty a ich pohybliv\u00e9 \u010dasti ulo\u017een\u00e9 na line\u00e1rnych ko\u013eajov\u00fdch vedeniach s\u00fa z\u00e1rukou plynul\u00e9ho chodu, presnosti a dlhodobej \u017eivotnosti.Pohodln\u00e9 ovl\u00e1danie stroja priamo z panelu agreg\u00e1ta.APOLLO 2Ar\u00fdchlov\u00fdmenn\u00fd syst\u00e9m tefl\u00f3novej f\u00f3lier\u00fdchlov\u00fdmenn\u00fd syst\u00e9m zv\u00e1rac\u00edch pr\u00edlo\u017eiekmo\u017enos\u0165 zv\u00e1rania na oboch hlav\u00e1ch v rozsahu 180\u00b0-40\u00b0dvoj\u010dinn\u00e1 brzda pohybliv\u00e9ho agreg\u00e1tu (elimin\u00e1cia chyby obsluhy a pam\u00e4\u0165 predch\u00e1dzaj\u00faceho rozmeru)APOLLO 2A PLUSr\u00fdchlov\u00fdmenn\u00fd syst\u00e9m tefl\u00f3novej f\u00f3lier\u00fdchlov\u00fdmenn\u00fd syst\u00e9m zv\u00e1rac\u00edch pr\u00edlo\u017eiekmo\u017enos\u0165 zv\u00e1rania na oboch hlav\u00e1ch v rozsahu 180\u00b0-40\u00b0dvoj\u010dinn\u00e1 brzda pohybliv\u00e9ho agreg\u00e1tu (elimin\u00e1cia chyby obsluhy a pam\u00e4\u0165 predch\u00e1dzaj\u00faceho rozmeru)prestavenie ohrani\u010denia 0,2-2 mm do 2 min\u00fatvyhrievan\u00e9 ohrani\u010dovacie no\u017eez\u00e1padkov\u00fd doraz","og_url":"https:\/\/www.pressta-eisele.eu\/hu\/produkt\/apollo-2a-2a-plus-dvojhlava-zvaracka-pvc-profilov\/","og_site_name":"Pressta Eisele \u010cS","article_modified_time":"2021-01-31T20:25:41+00:00","og_image":[{"width":700,"height":453,"url":"https:\/\/www.pressta-eisele.eu\/wp-content\/uploads\/2021\/01\/102.jpg","type":"image\/jpeg"}],"twitter_card":"summary_large_image","schema":{"@context":"https:\/\/schema.org","@graph":[{"@type":"WebPage","@id":"https:\/\/www.pressta-eisele.eu\/hu\/produkt\/apollo-2a-2a-plus-dvojhlava-zvaracka-pvc-profilov\/","url":"https:\/\/www.pressta-eisele.eu\/hu\/produkt\/apollo-2a-2a-plus-dvojhlava-zvaracka-pvc-profilov\/","name":"APOLLO 2A\/2A PLUS - Dvojhlav\u00e1 zv\u00e1ra\u010dka PVC profilov - Pressta Eisele \u010cS","isPartOf":{"@id":"https:\/\/www.pressta-eisele.eu\/hu\/#website"},"primaryImageOfPage":{"@id":"https:\/\/www.pressta-eisele.eu\/hu\/produkt\/apollo-2a-2a-plus-dvojhlava-zvaracka-pvc-profilov\/#primaryimage"},"image":{"@id":"https:\/\/www.pressta-eisele.eu\/hu\/produkt\/apollo-2a-2a-plus-dvojhlava-zvaracka-pvc-profilov\/#primaryimage"},"thumbnailUrl":"https:\/\/www.pressta-eisele.eu\/wp-content\/uploads\/2021\/01\/102.jpg","datePublished":"2021-01-31T18:42:15+00:00","dateModified":"2021-01-31T20:25:41+00:00","breadcrumb":{"@id":"https:\/\/www.pressta-eisele.eu\/hu\/produkt\/apollo-2a-2a-plus-dvojhlava-zvaracka-pvc-profilov\/#breadcrumb"},"inLanguage":"hu","potentialAction":[{"@type":"ReadAction","target":["https:\/\/www.pressta-eisele.eu\/hu\/produkt\/apollo-2a-2a-plus-dvojhlava-zvaracka-pvc-profilov\/"]}]},{"@type":"ImageObject","inLanguage":"hu","@id":"https:\/\/www.pressta-eisele.eu\/hu\/produkt\/apollo-2a-2a-plus-dvojhlava-zvaracka-pvc-profilov\/#primaryimage","url":"https:\/\/www.pressta-eisele.eu\/wp-content\/uploads\/2021\/01\/102.jpg","contentUrl":"https:\/\/www.pressta-eisele.eu\/wp-content\/uploads\/2021\/01\/102.jpg","width":700,"height":453,"caption":"APOLLO 2A\/2A PLUS - Dvojhlav\u00e1 zv\u00e1ra\u010dka PVC profilov"},{"@type":"BreadcrumbList","@id":"https:\/\/www.pressta-eisele.eu\/hu\/produkt\/apollo-2a-2a-plus-dvojhlava-zvaracka-pvc-profilov\/#breadcrumb","itemListElement":[{"@type":"ListItem","position":1,"name":"Home","item":"https:\/\/www.pressta-eisele.eu\/hu\/"},{"@type":"ListItem","position":2,"name":"Shop","item":"https:\/\/www.pressta-eisele.eu\/hu\/shop\/"},{"@type":"ListItem","position":3,"name":"APOLLO 2A\/2A PLUS &#8211; Dvojhlav\u00e1 zv\u00e1ra\u010dka PVC profilov"}]},{"@type":"WebSite","@id":"https:\/\/www.pressta-eisele.eu\/hu\/#website","url":"https:\/\/www.pressta-eisele.eu\/hu\/","name":"Pressta Eisele \u010cS","description":"Vitajte vo svete produktivity","publisher":{"@id":"https:\/\/www.pressta-eisele.eu\/hu\/#organization"},"potentialAction":[{"@type":"SearchAction","target":{"@type":"EntryPoint","urlTemplate":"https:\/\/www.pressta-eisele.eu\/hu\/?s={search_term_string}"},"query-input":{"@type":"PropertyValueSpecification","valueRequired":true,"valueName":"search_term_string"}}],"inLanguage":"hu"},{"@type":"Organization","@id":"https:\/\/www.pressta-eisele.eu\/hu\/#organization","name":"Pressta Eisele \u010cS","url":"https:\/\/www.pressta-eisele.eu\/hu\/","logo":{"@type":"ImageObject","inLanguage":"hu","@id":"https:\/\/www.pressta-eisele.eu\/hu\/#\/schema\/logo\/image\/","url":"https:\/\/www.pressta-eisele.eu\/wp-content\/uploads\/2020\/11\/pressta-logo-01v.svg","contentUrl":"https:\/\/www.pressta-eisele.eu\/wp-content\/uploads\/2020\/11\/pressta-logo-01v.svg","caption":"Pressta Eisele \u010cS"},"image":{"@id":"https:\/\/www.pressta-eisele.eu\/hu\/#\/schema\/logo\/image\/"}}]}},"jetpack_sharing_enabled":true,"_links":{"self":[{"href":"https:\/\/www.pressta-eisele.eu\/hu\/wp-json\/wp\/v2\/product\/825","targetHints":{"allow":["GET"]}}],"collection":[{"href":"https:\/\/www.pressta-eisele.eu\/hu\/wp-json\/wp\/v2\/product"}],"about":[{"href":"https:\/\/www.pressta-eisele.eu\/hu\/wp-json\/wp\/v2\/types\/product"}],"replies":[{"embeddable":true,"href":"https:\/\/www.pressta-eisele.eu\/hu\/wp-json\/wp\/v2\/comments?post=825"}],"wp:featuredmedia":[{"embeddable":true,"href":"https:\/\/www.pressta-eisele.eu\/hu\/wp-json\/wp\/v2\/media\/826"}],"wp:attachment":[{"href":"https:\/\/www.pressta-eisele.eu\/hu\/wp-json\/wp\/v2\/media?parent=825"}],"wp:term":[{"taxonomy":"product_brand","embeddable":true,"href":"https:\/\/www.pressta-eisele.eu\/hu\/wp-json\/wp\/v2\/product_brand?post=825"},{"taxonomy":"product_cat","embeddable":true,"href":"https:\/\/www.pressta-eisele.eu\/hu\/wp-json\/wp\/v2\/product_cat?post=825"},{"taxonomy":"product_tag","embeddable":true,"href":"https:\/\/www.pressta-eisele.eu\/hu\/wp-json\/wp\/v2\/product_tag?post=825"}],"curies":[{"name":"wp","href":"https:\/\/api.w.org\/{rel}","templated":true}]}}