{"id":1406,"date":"2021-01-31T19:43:21","date_gmt":"2021-01-31T18:43:21","guid":{"rendered":"https:\/\/www.pressta-eisele.eu\/produkt\/power-center-pp-obrabacie-centrum\/"},"modified":"2021-01-31T21:16:31","modified_gmt":"2021-01-31T20:16:31","slug":"power-center-pp-obrabacie-centrum","status":"publish","type":"product","link":"https:\/\/www.pressta-eisele.eu\/hu\/produkt\/power-center-pp-obrabacie-centrum\/","title":{"rendered":"POWER CENTER-PP &#8211; Obr\u00e1bacie centrum"},"content":{"rendered":"","protected":false},"excerpt":{"rendered":"<ul>\n<li>kompletn\u00e9 opracovanie okenn\u00fdch a\u00a0dverov\u00fdch profilov z PVC<\/li>\n<li>kapacita cca. 180 \u2013 220 okenn\u00fdch jednotiek\/8h<\/li>\n<li>paraleln\u00e9 opracovanie, krat\u0161ie cykly opracovania v\u010faka oddeleniu opracovan\u00ed ty\u010de<\/li>\n<li>jednoduch\u00e1 obsluha a\u00a0spr\u00e1va d\u00e1t<\/li>\n<li>vo\u013ene programovate\u013en\u00e9 \u00fadaje opracovania<\/li>\n<li>profilov\u00e9 syst\u00e9my PVC \/ PVC vystu\u017een\u00e9 oce\u013eov\u00fdmi vl\u00e1knami<\/li>\n<li>mo\u017enos\u0165 doplnkov\u00fdch modulov ako variabiln\u00e1 p\u00edla, tla\u010diare\u0148 \u0161t\u00edtkov, fr\u00e9zovanie pod tesnenie, fr\u00e9zovanie st\u013apika, automatick\u00e9 osadenie a skrutkovanie zatv\u00e1rac\u00edch kame\u0148ov, zakladac\u00ed syst\u00e9m<\/li>\n<li>nakladac\u00ed z\u00e1sobn\u00edk s\u00a012. poz\u00edciami<\/li>\n<li>d\u013a\u017eka ty\u010de 650 mm<\/li>\n<li>d\u013a\u017eka ty\u010de 6500 mm<\/li>\n<li>rezn\u00e1 d\u013a\u017eka 326 mm<\/li>\n<li>rezn\u00e1 d\u013a\u017eka 4.006 mm (opcia 6.006 mm)<\/li>\n<li>\u0161\u00edrka profilu poh\u013eadovej strany 130 mm<\/li>\n<li>stavebn\u00e1 h\u013abka profilu 120 mm (opcia 180 mm)<\/li>\n<\/ul>\n","protected":false},"featured_media":1407,"comment_status":"closed","ping_status":"open","template":"","meta":{"_monsterinsights_skip_tracking":false,"_monsterinsights_sitenote_active":false,"_monsterinsights_sitenote_note":"","_monsterinsights_sitenote_category":0},"product_brand":[],"product_cat":[39],"product_tag":[],"class_list":{"0":"post-1406","1":"product","2":"type-product","3":"status-publish","4":"has-post-thumbnail","6":"product_cat-opracovanie-profilov","8":"first","9":"instock","10":"product-type-simple"},"yoast_head":"<!-- This site is optimized with the Yoast SEO plugin v27.5 - https:\/\/yoast.com\/product\/yoast-seo-wordpress\/ -->\n<title>POWER CENTER-PP - Obr\u00e1bacie centrum - Pressta Eisele \u010cS<\/title>\n<meta name=\"robots\" content=\"index, follow, max-snippet:-1, max-image-preview:large, max-video-preview:-1\" \/>\n<link rel=\"canonical\" href=\"https:\/\/www.pressta-eisele.eu\/hu\/produkt\/power-center-pp-obrabacie-centrum\/\" \/>\n<meta property=\"og:locale\" content=\"hu_HU\" \/>\n<meta property=\"og:type\" content=\"article\" \/>\n<meta property=\"og:title\" content=\"POWER CENTER-PP - Obr\u00e1bacie centrum - Pressta Eisele \u010cS\" \/>\n<meta property=\"og:description\" content=\"kompletn\u00e9 opracovanie okenn\u00fdch a\u00a0dverov\u00fdch profilov z PVC kapacita cca. 180 \u2013 220 okenn\u00fdch jednotiek\/8h paraleln\u00e9 opracovanie, krat\u0161ie cykly opracovania v\u010faka oddeleniu opracovan\u00ed ty\u010de jednoduch\u00e1 obsluha a\u00a0spr\u00e1va d\u00e1t vo\u013ene programovate\u013en\u00e9 \u00fadaje opracovania profilov\u00e9 syst\u00e9my PVC \/ PVC vystu\u017een\u00e9 oce\u013eov\u00fdmi vl\u00e1knami mo\u017enos\u0165 doplnkov\u00fdch modulov ako variabiln\u00e1 p\u00edla, tla\u010diare\u0148 \u0161t\u00edtkov, fr\u00e9zovanie pod tesnenie, fr\u00e9zovanie st\u013apika, automatick\u00e9 osadenie a skrutkovanie zatv\u00e1rac\u00edch kame\u0148ov, zakladac\u00ed syst\u00e9m nakladac\u00ed z\u00e1sobn\u00edk s\u00a012. poz\u00edciami d\u013a\u017eka ty\u010de 650 mm d\u013a\u017eka ty\u010de 6500 mm rezn\u00e1 d\u013a\u017eka 326 mm rezn\u00e1 d\u013a\u017eka 4.006 mm (opcia 6.006 mm) \u0161\u00edrka profilu poh\u013eadovej strany 130 mm stavebn\u00e1 h\u013abka profilu 120 mm (opcia 180 mm)\" \/>\n<meta property=\"og:url\" content=\"https:\/\/www.pressta-eisele.eu\/hu\/produkt\/power-center-pp-obrabacie-centrum\/\" \/>\n<meta property=\"og:site_name\" content=\"Pressta Eisele \u010cS\" \/>\n<meta property=\"article:modified_time\" content=\"2021-01-31T20:16:31+00:00\" \/>\n<meta property=\"og:image\" content=\"https:\/\/www.pressta-eisele.eu\/wp-content\/uploads\/2021\/01\/307.jpg\" \/>\n\t<meta property=\"og:image:width\" content=\"800\" \/>\n\t<meta property=\"og:image:height\" content=\"412\" \/>\n\t<meta property=\"og:image:type\" content=\"image\/jpeg\" \/>\n<meta name=\"twitter:card\" content=\"summary_large_image\" \/>\n<script type=\"application\/ld+json\" class=\"yoast-schema-graph\">{\"@context\":\"https:\\\/\\\/schema.org\",\"@graph\":[{\"@type\":\"WebPage\",\"@id\":\"https:\\\/\\\/www.pressta-eisele.eu\\\/hu\\\/produkt\\\/power-center-pp-obrabacie-centrum\\\/\",\"url\":\"https:\\\/\\\/www.pressta-eisele.eu\\\/hu\\\/produkt\\\/power-center-pp-obrabacie-centrum\\\/\",\"name\":\"POWER CENTER-PP - Obr\u00e1bacie centrum - Pressta Eisele \u010cS\",\"isPartOf\":{\"@id\":\"https:\\\/\\\/www.pressta-eisele.eu\\\/hu\\\/#website\"},\"primaryImageOfPage\":{\"@id\":\"https:\\\/\\\/www.pressta-eisele.eu\\\/hu\\\/produkt\\\/power-center-pp-obrabacie-centrum\\\/#primaryimage\"},\"image\":{\"@id\":\"https:\\\/\\\/www.pressta-eisele.eu\\\/hu\\\/produkt\\\/power-center-pp-obrabacie-centrum\\\/#primaryimage\"},\"thumbnailUrl\":\"https:\\\/\\\/www.pressta-eisele.eu\\\/wp-content\\\/uploads\\\/2021\\\/01\\\/307.jpg\",\"datePublished\":\"2021-01-31T18:43:21+00:00\",\"dateModified\":\"2021-01-31T20:16:31+00:00\",\"breadcrumb\":{\"@id\":\"https:\\\/\\\/www.pressta-eisele.eu\\\/hu\\\/produkt\\\/power-center-pp-obrabacie-centrum\\\/#breadcrumb\"},\"inLanguage\":\"hu\",\"potentialAction\":[{\"@type\":\"ReadAction\",\"target\":[\"https:\\\/\\\/www.pressta-eisele.eu\\\/hu\\\/produkt\\\/power-center-pp-obrabacie-centrum\\\/\"]}]},{\"@type\":\"ImageObject\",\"inLanguage\":\"hu\",\"@id\":\"https:\\\/\\\/www.pressta-eisele.eu\\\/hu\\\/produkt\\\/power-center-pp-obrabacie-centrum\\\/#primaryimage\",\"url\":\"https:\\\/\\\/www.pressta-eisele.eu\\\/wp-content\\\/uploads\\\/2021\\\/01\\\/307.jpg\",\"contentUrl\":\"https:\\\/\\\/www.pressta-eisele.eu\\\/wp-content\\\/uploads\\\/2021\\\/01\\\/307.jpg\",\"width\":800,\"height\":412,\"caption\":\"POWER CENTER-PP - Obr\u00e1bacie centrum\"},{\"@type\":\"BreadcrumbList\",\"@id\":\"https:\\\/\\\/www.pressta-eisele.eu\\\/hu\\\/produkt\\\/power-center-pp-obrabacie-centrum\\\/#breadcrumb\",\"itemListElement\":[{\"@type\":\"ListItem\",\"position\":1,\"name\":\"Home\",\"item\":\"https:\\\/\\\/www.pressta-eisele.eu\\\/hu\\\/\"},{\"@type\":\"ListItem\",\"position\":2,\"name\":\"Shop\",\"item\":\"https:\\\/\\\/www.pressta-eisele.eu\\\/hu\\\/shop\\\/\"},{\"@type\":\"ListItem\",\"position\":3,\"name\":\"POWER CENTER-PP &#8211; Obr\u00e1bacie centrum\"}]},{\"@type\":\"WebSite\",\"@id\":\"https:\\\/\\\/www.pressta-eisele.eu\\\/hu\\\/#website\",\"url\":\"https:\\\/\\\/www.pressta-eisele.eu\\\/hu\\\/\",\"name\":\"Pressta Eisele \u010cS\",\"description\":\"Vitajte vo svete produktivity\",\"publisher\":{\"@id\":\"https:\\\/\\\/www.pressta-eisele.eu\\\/hu\\\/#organization\"},\"potentialAction\":[{\"@type\":\"SearchAction\",\"target\":{\"@type\":\"EntryPoint\",\"urlTemplate\":\"https:\\\/\\\/www.pressta-eisele.eu\\\/hu\\\/?s={search_term_string}\"},\"query-input\":{\"@type\":\"PropertyValueSpecification\",\"valueRequired\":true,\"valueName\":\"search_term_string\"}}],\"inLanguage\":\"hu\"},{\"@type\":\"Organization\",\"@id\":\"https:\\\/\\\/www.pressta-eisele.eu\\\/hu\\\/#organization\",\"name\":\"Pressta Eisele \u010cS\",\"url\":\"https:\\\/\\\/www.pressta-eisele.eu\\\/hu\\\/\",\"logo\":{\"@type\":\"ImageObject\",\"inLanguage\":\"hu\",\"@id\":\"https:\\\/\\\/www.pressta-eisele.eu\\\/hu\\\/#\\\/schema\\\/logo\\\/image\\\/\",\"url\":\"https:\\\/\\\/www.pressta-eisele.eu\\\/wp-content\\\/uploads\\\/2020\\\/11\\\/pressta-logo-01v.svg\",\"contentUrl\":\"https:\\\/\\\/www.pressta-eisele.eu\\\/wp-content\\\/uploads\\\/2020\\\/11\\\/pressta-logo-01v.svg\",\"caption\":\"Pressta Eisele \u010cS\"},\"image\":{\"@id\":\"https:\\\/\\\/www.pressta-eisele.eu\\\/hu\\\/#\\\/schema\\\/logo\\\/image\\\/\"}}]}<\/script>\n<!-- \/ Yoast SEO plugin. -->","yoast_head_json":{"title":"POWER CENTER-PP - Obr\u00e1bacie centrum - Pressta Eisele \u010cS","robots":{"index":"index","follow":"follow","max-snippet":"max-snippet:-1","max-image-preview":"max-image-preview:large","max-video-preview":"max-video-preview:-1"},"canonical":"https:\/\/www.pressta-eisele.eu\/hu\/produkt\/power-center-pp-obrabacie-centrum\/","og_locale":"hu_HU","og_type":"article","og_title":"POWER CENTER-PP - Obr\u00e1bacie centrum - Pressta Eisele \u010cS","og_description":"kompletn\u00e9 opracovanie okenn\u00fdch a\u00a0dverov\u00fdch profilov z PVC kapacita cca. 180 \u2013 220 okenn\u00fdch jednotiek\/8h paraleln\u00e9 opracovanie, krat\u0161ie cykly opracovania v\u010faka oddeleniu opracovan\u00ed ty\u010de jednoduch\u00e1 obsluha a\u00a0spr\u00e1va d\u00e1t vo\u013ene programovate\u013en\u00e9 \u00fadaje opracovania profilov\u00e9 syst\u00e9my PVC \/ PVC vystu\u017een\u00e9 oce\u013eov\u00fdmi vl\u00e1knami mo\u017enos\u0165 doplnkov\u00fdch modulov ako variabiln\u00e1 p\u00edla, tla\u010diare\u0148 \u0161t\u00edtkov, fr\u00e9zovanie pod tesnenie, fr\u00e9zovanie st\u013apika, automatick\u00e9 osadenie a skrutkovanie zatv\u00e1rac\u00edch kame\u0148ov, zakladac\u00ed syst\u00e9m nakladac\u00ed z\u00e1sobn\u00edk s\u00a012. poz\u00edciami d\u013a\u017eka ty\u010de 650 mm d\u013a\u017eka ty\u010de 6500 mm rezn\u00e1 d\u013a\u017eka 326 mm rezn\u00e1 d\u013a\u017eka 4.006 mm (opcia 6.006 mm) \u0161\u00edrka profilu poh\u013eadovej strany 130 mm stavebn\u00e1 h\u013abka profilu 120 mm (opcia 180 mm)","og_url":"https:\/\/www.pressta-eisele.eu\/hu\/produkt\/power-center-pp-obrabacie-centrum\/","og_site_name":"Pressta Eisele \u010cS","article_modified_time":"2021-01-31T20:16:31+00:00","og_image":[{"width":800,"height":412,"url":"https:\/\/www.pressta-eisele.eu\/wp-content\/uploads\/2021\/01\/307.jpg","type":"image\/jpeg"}],"twitter_card":"summary_large_image","schema":{"@context":"https:\/\/schema.org","@graph":[{"@type":"WebPage","@id":"https:\/\/www.pressta-eisele.eu\/hu\/produkt\/power-center-pp-obrabacie-centrum\/","url":"https:\/\/www.pressta-eisele.eu\/hu\/produkt\/power-center-pp-obrabacie-centrum\/","name":"POWER CENTER-PP - Obr\u00e1bacie centrum - Pressta Eisele \u010cS","isPartOf":{"@id":"https:\/\/www.pressta-eisele.eu\/hu\/#website"},"primaryImageOfPage":{"@id":"https:\/\/www.pressta-eisele.eu\/hu\/produkt\/power-center-pp-obrabacie-centrum\/#primaryimage"},"image":{"@id":"https:\/\/www.pressta-eisele.eu\/hu\/produkt\/power-center-pp-obrabacie-centrum\/#primaryimage"},"thumbnailUrl":"https:\/\/www.pressta-eisele.eu\/wp-content\/uploads\/2021\/01\/307.jpg","datePublished":"2021-01-31T18:43:21+00:00","dateModified":"2021-01-31T20:16:31+00:00","breadcrumb":{"@id":"https:\/\/www.pressta-eisele.eu\/hu\/produkt\/power-center-pp-obrabacie-centrum\/#breadcrumb"},"inLanguage":"hu","potentialAction":[{"@type":"ReadAction","target":["https:\/\/www.pressta-eisele.eu\/hu\/produkt\/power-center-pp-obrabacie-centrum\/"]}]},{"@type":"ImageObject","inLanguage":"hu","@id":"https:\/\/www.pressta-eisele.eu\/hu\/produkt\/power-center-pp-obrabacie-centrum\/#primaryimage","url":"https:\/\/www.pressta-eisele.eu\/wp-content\/uploads\/2021\/01\/307.jpg","contentUrl":"https:\/\/www.pressta-eisele.eu\/wp-content\/uploads\/2021\/01\/307.jpg","width":800,"height":412,"caption":"POWER CENTER-PP - Obr\u00e1bacie centrum"},{"@type":"BreadcrumbList","@id":"https:\/\/www.pressta-eisele.eu\/hu\/produkt\/power-center-pp-obrabacie-centrum\/#breadcrumb","itemListElement":[{"@type":"ListItem","position":1,"name":"Home","item":"https:\/\/www.pressta-eisele.eu\/hu\/"},{"@type":"ListItem","position":2,"name":"Shop","item":"https:\/\/www.pressta-eisele.eu\/hu\/shop\/"},{"@type":"ListItem","position":3,"name":"POWER CENTER-PP &#8211; Obr\u00e1bacie centrum"}]},{"@type":"WebSite","@id":"https:\/\/www.pressta-eisele.eu\/hu\/#website","url":"https:\/\/www.pressta-eisele.eu\/hu\/","name":"Pressta Eisele \u010cS","description":"Vitajte vo svete produktivity","publisher":{"@id":"https:\/\/www.pressta-eisele.eu\/hu\/#organization"},"potentialAction":[{"@type":"SearchAction","target":{"@type":"EntryPoint","urlTemplate":"https:\/\/www.pressta-eisele.eu\/hu\/?s={search_term_string}"},"query-input":{"@type":"PropertyValueSpecification","valueRequired":true,"valueName":"search_term_string"}}],"inLanguage":"hu"},{"@type":"Organization","@id":"https:\/\/www.pressta-eisele.eu\/hu\/#organization","name":"Pressta Eisele \u010cS","url":"https:\/\/www.pressta-eisele.eu\/hu\/","logo":{"@type":"ImageObject","inLanguage":"hu","@id":"https:\/\/www.pressta-eisele.eu\/hu\/#\/schema\/logo\/image\/","url":"https:\/\/www.pressta-eisele.eu\/wp-content\/uploads\/2020\/11\/pressta-logo-01v.svg","contentUrl":"https:\/\/www.pressta-eisele.eu\/wp-content\/uploads\/2020\/11\/pressta-logo-01v.svg","caption":"Pressta Eisele \u010cS"},"image":{"@id":"https:\/\/www.pressta-eisele.eu\/hu\/#\/schema\/logo\/image\/"}}]}},"jetpack_sharing_enabled":true,"_links":{"self":[{"href":"https:\/\/www.pressta-eisele.eu\/hu\/wp-json\/wp\/v2\/product\/1406","targetHints":{"allow":["GET"]}}],"collection":[{"href":"https:\/\/www.pressta-eisele.eu\/hu\/wp-json\/wp\/v2\/product"}],"about":[{"href":"https:\/\/www.pressta-eisele.eu\/hu\/wp-json\/wp\/v2\/types\/product"}],"replies":[{"embeddable":true,"href":"https:\/\/www.pressta-eisele.eu\/hu\/wp-json\/wp\/v2\/comments?post=1406"}],"wp:featuredmedia":[{"embeddable":true,"href":"https:\/\/www.pressta-eisele.eu\/hu\/wp-json\/wp\/v2\/media\/1407"}],"wp:attachment":[{"href":"https:\/\/www.pressta-eisele.eu\/hu\/wp-json\/wp\/v2\/media?parent=1406"}],"wp:term":[{"taxonomy":"product_brand","embeddable":true,"href":"https:\/\/www.pressta-eisele.eu\/hu\/wp-json\/wp\/v2\/product_brand?post=1406"},{"taxonomy":"product_cat","embeddable":true,"href":"https:\/\/www.pressta-eisele.eu\/hu\/wp-json\/wp\/v2\/product_cat?post=1406"},{"taxonomy":"product_tag","embeddable":true,"href":"https:\/\/www.pressta-eisele.eu\/hu\/wp-json\/wp\/v2\/product_tag?post=1406"}],"curies":[{"name":"wp","href":"https:\/\/api.w.org\/{rel}","templated":true}]}}