{"id":1186,"date":"2021-01-31T19:42:59","date_gmt":"2021-01-31T18:42:59","guid":{"rendered":"https:\/\/www.pressta-eisele.eu\/produkt\/sw-453-plug-dvojkotucova-pila\/"},"modified":"2021-02-02T08:40:57","modified_gmt":"2021-02-02T07:40:57","slug":"sw-453-plug-dvojkotucova-pila","status":"publish","type":"product","link":"https:\/\/www.pressta-eisele.eu\/hu\/produkt\/sw-453-plug-dvojkotucova-pila\/","title":{"rendered":"SW 453 PLUG &#8211; Dvojkot\u00fa\u010dov\u00e1 p\u00edla"},"content":{"rendered":"","protected":false},"excerpt":{"rendered":"<ul>\n<li>presn\u00e1 dvojkot\u00fa\u010dov\u00e1 p\u00edla pre profily z\u00a0hlin\u00edka a PVC<\/li>\n<li>kompaktn\u00fd oce\u013eov\u00fd r\u00e1m<\/li>\n<li>\u013eav\u00e1 hlava fixn\u00e1, prav\u00e1 posuvn\u00e1 manu\u00e1lne pomocou kolieska<\/li>\n<li>pilov\u00e9 kot\u00fa\u010de \u00d8 450 mm alebo 500 mm vych\u00e1dzaj\u00face zozadu d\u013a\u017eka rezu 4 m, 5 m alebo 6 m<\/li>\n<li>nakl\u00e1panie hl\u00e1v smerom dovn\u00fatra v rozsahu 90\u00b0 &#8211; 22,5\u00b0<\/li>\n<li>pneumatick\u00e9 nakl\u00e1panie hl\u00e1v na 90\u00b0, 45\u00b0 alebo 22,5\u00b0, medziuhly nastavite\u013en\u00e9 pomocou stupnice a zar\u00e1\u017eky<\/li>\n<li>automatick\u00fd v\u00fdpo\u010det vonkaj\u0161ieho rozmeru pri p\u00edlen\u00ed pod r\u00f4znymi uhlami<\/li>\n<li>hydropneumatick\u00fd posuv kot\u00fa\u010dov, plynulo regulovate\u013en\u00fd<\/li>\n<li>nastavite\u013en\u00fd rozostup pilov\u00fdch kot\u00fa\u010dov<\/li>\n<li>pneumatick\u00e9 skl\u00e1panie krytov<\/li>\n<li>dva horizont\u00e1lne a dva vertik\u00e1lne up\u00edna\u010de<\/li>\n<li>val\u010dekov\u00e1 dr\u00e1ha 3 m, pohybliv\u00e1 s posuvnou hlavou<\/li>\n<li>pneumatick\u00e9 zariadenie chladenia \u2013 primaz\u00e1vania n\u00e1stroja<\/li>\n<\/ul>\n","protected":false},"featured_media":2131,"comment_status":"closed","ping_status":"closed","template":"","meta":{"_monsterinsights_skip_tracking":false,"_monsterinsights_sitenote_active":false,"_monsterinsights_sitenote_note":"","_monsterinsights_sitenote_category":0},"product_brand":[],"product_cat":[24],"product_tag":[],"class_list":{"0":"post-1186","1":"product","2":"type-product","3":"status-publish","4":"has-post-thumbnail","6":"product_cat-dvojkotucove-pily","8":"first","9":"instock","10":"product-type-simple"},"yoast_head":"<!-- This site is optimized with the Yoast SEO plugin v27.5 - https:\/\/yoast.com\/product\/yoast-seo-wordpress\/ -->\n<title>SW 453 PLUG - Dvojkot\u00fa\u010dov\u00e1 p\u00edla - Pressta Eisele \u010cS<\/title>\n<meta name=\"robots\" content=\"index, follow, max-snippet:-1, max-image-preview:large, max-video-preview:-1\" \/>\n<link rel=\"canonical\" href=\"https:\/\/www.pressta-eisele.eu\/hu\/produkt\/sw-453-plug-dvojkotucova-pila\/\" \/>\n<meta property=\"og:locale\" content=\"hu_HU\" \/>\n<meta property=\"og:type\" content=\"article\" \/>\n<meta property=\"og:title\" content=\"SW 453 PLUG - Dvojkot\u00fa\u010dov\u00e1 p\u00edla - Pressta Eisele \u010cS\" \/>\n<meta property=\"og:description\" content=\"presn\u00e1 dvojkot\u00fa\u010dov\u00e1 p\u00edla pre profily z\u00a0hlin\u00edka a PVC  kompaktn\u00fd oce\u013eov\u00fd r\u00e1m  \u013eav\u00e1 hlava fixn\u00e1, prav\u00e1 posuvn\u00e1 manu\u00e1lne pomocou kolieska  pilov\u00e9 kot\u00fa\u010de \u00d8 450 mm alebo 500 mm vych\u00e1dzaj\u00face zozadu d\u013a\u017eka rezu 4 m, 5 m alebo 6 m  nakl\u00e1panie hl\u00e1v smerom dovn\u00fatra v rozsahu 90\u00b0 - 22,5\u00b0  pneumatick\u00e9 nakl\u00e1panie hl\u00e1v na 90\u00b0, 45\u00b0 alebo 22,5\u00b0, medziuhly nastavite\u013en\u00e9 pomocou stupnice a zar\u00e1\u017eky  automatick\u00fd v\u00fdpo\u010det vonkaj\u0161ieho rozmeru pri p\u00edlen\u00ed pod r\u00f4znymi uhlami  hydropneumatick\u00fd posuv kot\u00fa\u010dov, plynulo regulovate\u013en\u00fd  nastavite\u013en\u00fd rozostup pilov\u00fdch kot\u00fa\u010dov  pneumatick\u00e9 skl\u00e1panie krytov  dva horizont\u00e1lne a dva vertik\u00e1lne up\u00edna\u010de  val\u010dekov\u00e1 dr\u00e1ha 3 m, pohybliv\u00e1 s posuvnou hlavou  pneumatick\u00e9 zariadenie chladenia \u2013 primaz\u00e1vania n\u00e1stroja\" \/>\n<meta property=\"og:url\" content=\"https:\/\/www.pressta-eisele.eu\/hu\/produkt\/sw-453-plug-dvojkotucova-pila\/\" \/>\n<meta property=\"og:site_name\" content=\"Pressta Eisele \u010cS\" \/>\n<meta property=\"article:modified_time\" content=\"2021-02-02T07:40:57+00:00\" \/>\n<meta property=\"og:image\" content=\"https:\/\/www.pressta-eisele.eu\/wp-content\/uploads\/2021\/01\/2020-06_SW453_Plug_2020-_041-Edit.jpg\" \/>\n\t<meta property=\"og:image:width\" content=\"2000\" \/>\n\t<meta property=\"og:image:height\" content=\"1333\" \/>\n\t<meta property=\"og:image:type\" content=\"image\/jpeg\" \/>\n<meta name=\"twitter:card\" content=\"summary_large_image\" \/>\n<script type=\"application\/ld+json\" class=\"yoast-schema-graph\">{\"@context\":\"https:\\\/\\\/schema.org\",\"@graph\":[{\"@type\":\"WebPage\",\"@id\":\"https:\\\/\\\/www.pressta-eisele.eu\\\/hu\\\/produkt\\\/sw-453-plug-dvojkotucova-pila\\\/\",\"url\":\"https:\\\/\\\/www.pressta-eisele.eu\\\/hu\\\/produkt\\\/sw-453-plug-dvojkotucova-pila\\\/\",\"name\":\"SW 453 PLUG - Dvojkot\u00fa\u010dov\u00e1 p\u00edla - Pressta Eisele \u010cS\",\"isPartOf\":{\"@id\":\"https:\\\/\\\/www.pressta-eisele.eu\\\/hu\\\/#website\"},\"primaryImageOfPage\":{\"@id\":\"https:\\\/\\\/www.pressta-eisele.eu\\\/hu\\\/produkt\\\/sw-453-plug-dvojkotucova-pila\\\/#primaryimage\"},\"image\":{\"@id\":\"https:\\\/\\\/www.pressta-eisele.eu\\\/hu\\\/produkt\\\/sw-453-plug-dvojkotucova-pila\\\/#primaryimage\"},\"thumbnailUrl\":\"https:\\\/\\\/www.pressta-eisele.eu\\\/wp-content\\\/uploads\\\/2021\\\/01\\\/2020-06_SW453_Plug_2020-_041-Edit.jpg\",\"datePublished\":\"2021-01-31T18:42:59+00:00\",\"dateModified\":\"2021-02-02T07:40:57+00:00\",\"breadcrumb\":{\"@id\":\"https:\\\/\\\/www.pressta-eisele.eu\\\/hu\\\/produkt\\\/sw-453-plug-dvojkotucova-pila\\\/#breadcrumb\"},\"inLanguage\":\"hu\",\"potentialAction\":[{\"@type\":\"ReadAction\",\"target\":[\"https:\\\/\\\/www.pressta-eisele.eu\\\/hu\\\/produkt\\\/sw-453-plug-dvojkotucova-pila\\\/\"]}]},{\"@type\":\"ImageObject\",\"inLanguage\":\"hu\",\"@id\":\"https:\\\/\\\/www.pressta-eisele.eu\\\/hu\\\/produkt\\\/sw-453-plug-dvojkotucova-pila\\\/#primaryimage\",\"url\":\"https:\\\/\\\/www.pressta-eisele.eu\\\/wp-content\\\/uploads\\\/2021\\\/01\\\/2020-06_SW453_Plug_2020-_041-Edit.jpg\",\"contentUrl\":\"https:\\\/\\\/www.pressta-eisele.eu\\\/wp-content\\\/uploads\\\/2021\\\/01\\\/2020-06_SW453_Plug_2020-_041-Edit.jpg\",\"width\":2000,\"height\":1333,\"caption\":\"SW 453 PLUG\"},{\"@type\":\"BreadcrumbList\",\"@id\":\"https:\\\/\\\/www.pressta-eisele.eu\\\/hu\\\/produkt\\\/sw-453-plug-dvojkotucova-pila\\\/#breadcrumb\",\"itemListElement\":[{\"@type\":\"ListItem\",\"position\":1,\"name\":\"Home\",\"item\":\"https:\\\/\\\/www.pressta-eisele.eu\\\/hu\\\/\"},{\"@type\":\"ListItem\",\"position\":2,\"name\":\"Shop\",\"item\":\"https:\\\/\\\/www.pressta-eisele.eu\\\/hu\\\/shop\\\/\"},{\"@type\":\"ListItem\",\"position\":3,\"name\":\"SW 453 PLUG &#8211; Dvojkot\u00fa\u010dov\u00e1 p\u00edla\"}]},{\"@type\":\"WebSite\",\"@id\":\"https:\\\/\\\/www.pressta-eisele.eu\\\/hu\\\/#website\",\"url\":\"https:\\\/\\\/www.pressta-eisele.eu\\\/hu\\\/\",\"name\":\"Pressta Eisele \u010cS\",\"description\":\"Vitajte vo svete produktivity\",\"publisher\":{\"@id\":\"https:\\\/\\\/www.pressta-eisele.eu\\\/hu\\\/#organization\"},\"potentialAction\":[{\"@type\":\"SearchAction\",\"target\":{\"@type\":\"EntryPoint\",\"urlTemplate\":\"https:\\\/\\\/www.pressta-eisele.eu\\\/hu\\\/?s={search_term_string}\"},\"query-input\":{\"@type\":\"PropertyValueSpecification\",\"valueRequired\":true,\"valueName\":\"search_term_string\"}}],\"inLanguage\":\"hu\"},{\"@type\":\"Organization\",\"@id\":\"https:\\\/\\\/www.pressta-eisele.eu\\\/hu\\\/#organization\",\"name\":\"Pressta Eisele \u010cS\",\"url\":\"https:\\\/\\\/www.pressta-eisele.eu\\\/hu\\\/\",\"logo\":{\"@type\":\"ImageObject\",\"inLanguage\":\"hu\",\"@id\":\"https:\\\/\\\/www.pressta-eisele.eu\\\/hu\\\/#\\\/schema\\\/logo\\\/image\\\/\",\"url\":\"https:\\\/\\\/www.pressta-eisele.eu\\\/wp-content\\\/uploads\\\/2020\\\/11\\\/pressta-logo-01v.svg\",\"contentUrl\":\"https:\\\/\\\/www.pressta-eisele.eu\\\/wp-content\\\/uploads\\\/2020\\\/11\\\/pressta-logo-01v.svg\",\"caption\":\"Pressta Eisele \u010cS\"},\"image\":{\"@id\":\"https:\\\/\\\/www.pressta-eisele.eu\\\/hu\\\/#\\\/schema\\\/logo\\\/image\\\/\"}}]}<\/script>\n<!-- \/ Yoast SEO plugin. -->","yoast_head_json":{"title":"SW 453 PLUG - Dvojkot\u00fa\u010dov\u00e1 p\u00edla - Pressta Eisele \u010cS","robots":{"index":"index","follow":"follow","max-snippet":"max-snippet:-1","max-image-preview":"max-image-preview:large","max-video-preview":"max-video-preview:-1"},"canonical":"https:\/\/www.pressta-eisele.eu\/hu\/produkt\/sw-453-plug-dvojkotucova-pila\/","og_locale":"hu_HU","og_type":"article","og_title":"SW 453 PLUG - Dvojkot\u00fa\u010dov\u00e1 p\u00edla - Pressta Eisele \u010cS","og_description":"presn\u00e1 dvojkot\u00fa\u010dov\u00e1 p\u00edla pre profily z\u00a0hlin\u00edka a PVC  kompaktn\u00fd oce\u013eov\u00fd r\u00e1m  \u013eav\u00e1 hlava fixn\u00e1, prav\u00e1 posuvn\u00e1 manu\u00e1lne pomocou kolieska  pilov\u00e9 kot\u00fa\u010de \u00d8 450 mm alebo 500 mm vych\u00e1dzaj\u00face zozadu d\u013a\u017eka rezu 4 m, 5 m alebo 6 m  nakl\u00e1panie hl\u00e1v smerom dovn\u00fatra v rozsahu 90\u00b0 - 22,5\u00b0  pneumatick\u00e9 nakl\u00e1panie hl\u00e1v na 90\u00b0, 45\u00b0 alebo 22,5\u00b0, medziuhly nastavite\u013en\u00e9 pomocou stupnice a zar\u00e1\u017eky  automatick\u00fd v\u00fdpo\u010det vonkaj\u0161ieho rozmeru pri p\u00edlen\u00ed pod r\u00f4znymi uhlami  hydropneumatick\u00fd posuv kot\u00fa\u010dov, plynulo regulovate\u013en\u00fd  nastavite\u013en\u00fd rozostup pilov\u00fdch kot\u00fa\u010dov  pneumatick\u00e9 skl\u00e1panie krytov  dva horizont\u00e1lne a dva vertik\u00e1lne up\u00edna\u010de  val\u010dekov\u00e1 dr\u00e1ha 3 m, pohybliv\u00e1 s posuvnou hlavou  pneumatick\u00e9 zariadenie chladenia \u2013 primaz\u00e1vania n\u00e1stroja","og_url":"https:\/\/www.pressta-eisele.eu\/hu\/produkt\/sw-453-plug-dvojkotucova-pila\/","og_site_name":"Pressta Eisele \u010cS","article_modified_time":"2021-02-02T07:40:57+00:00","og_image":[{"width":2000,"height":1333,"url":"https:\/\/www.pressta-eisele.eu\/wp-content\/uploads\/2021\/01\/2020-06_SW453_Plug_2020-_041-Edit.jpg","type":"image\/jpeg"}],"twitter_card":"summary_large_image","schema":{"@context":"https:\/\/schema.org","@graph":[{"@type":"WebPage","@id":"https:\/\/www.pressta-eisele.eu\/hu\/produkt\/sw-453-plug-dvojkotucova-pila\/","url":"https:\/\/www.pressta-eisele.eu\/hu\/produkt\/sw-453-plug-dvojkotucova-pila\/","name":"SW 453 PLUG - Dvojkot\u00fa\u010dov\u00e1 p\u00edla - Pressta Eisele \u010cS","isPartOf":{"@id":"https:\/\/www.pressta-eisele.eu\/hu\/#website"},"primaryImageOfPage":{"@id":"https:\/\/www.pressta-eisele.eu\/hu\/produkt\/sw-453-plug-dvojkotucova-pila\/#primaryimage"},"image":{"@id":"https:\/\/www.pressta-eisele.eu\/hu\/produkt\/sw-453-plug-dvojkotucova-pila\/#primaryimage"},"thumbnailUrl":"https:\/\/www.pressta-eisele.eu\/wp-content\/uploads\/2021\/01\/2020-06_SW453_Plug_2020-_041-Edit.jpg","datePublished":"2021-01-31T18:42:59+00:00","dateModified":"2021-02-02T07:40:57+00:00","breadcrumb":{"@id":"https:\/\/www.pressta-eisele.eu\/hu\/produkt\/sw-453-plug-dvojkotucova-pila\/#breadcrumb"},"inLanguage":"hu","potentialAction":[{"@type":"ReadAction","target":["https:\/\/www.pressta-eisele.eu\/hu\/produkt\/sw-453-plug-dvojkotucova-pila\/"]}]},{"@type":"ImageObject","inLanguage":"hu","@id":"https:\/\/www.pressta-eisele.eu\/hu\/produkt\/sw-453-plug-dvojkotucova-pila\/#primaryimage","url":"https:\/\/www.pressta-eisele.eu\/wp-content\/uploads\/2021\/01\/2020-06_SW453_Plug_2020-_041-Edit.jpg","contentUrl":"https:\/\/www.pressta-eisele.eu\/wp-content\/uploads\/2021\/01\/2020-06_SW453_Plug_2020-_041-Edit.jpg","width":2000,"height":1333,"caption":"SW 453 PLUG"},{"@type":"BreadcrumbList","@id":"https:\/\/www.pressta-eisele.eu\/hu\/produkt\/sw-453-plug-dvojkotucova-pila\/#breadcrumb","itemListElement":[{"@type":"ListItem","position":1,"name":"Home","item":"https:\/\/www.pressta-eisele.eu\/hu\/"},{"@type":"ListItem","position":2,"name":"Shop","item":"https:\/\/www.pressta-eisele.eu\/hu\/shop\/"},{"@type":"ListItem","position":3,"name":"SW 453 PLUG &#8211; Dvojkot\u00fa\u010dov\u00e1 p\u00edla"}]},{"@type":"WebSite","@id":"https:\/\/www.pressta-eisele.eu\/hu\/#website","url":"https:\/\/www.pressta-eisele.eu\/hu\/","name":"Pressta Eisele \u010cS","description":"Vitajte vo svete produktivity","publisher":{"@id":"https:\/\/www.pressta-eisele.eu\/hu\/#organization"},"potentialAction":[{"@type":"SearchAction","target":{"@type":"EntryPoint","urlTemplate":"https:\/\/www.pressta-eisele.eu\/hu\/?s={search_term_string}"},"query-input":{"@type":"PropertyValueSpecification","valueRequired":true,"valueName":"search_term_string"}}],"inLanguage":"hu"},{"@type":"Organization","@id":"https:\/\/www.pressta-eisele.eu\/hu\/#organization","name":"Pressta Eisele \u010cS","url":"https:\/\/www.pressta-eisele.eu\/hu\/","logo":{"@type":"ImageObject","inLanguage":"hu","@id":"https:\/\/www.pressta-eisele.eu\/hu\/#\/schema\/logo\/image\/","url":"https:\/\/www.pressta-eisele.eu\/wp-content\/uploads\/2020\/11\/pressta-logo-01v.svg","contentUrl":"https:\/\/www.pressta-eisele.eu\/wp-content\/uploads\/2020\/11\/pressta-logo-01v.svg","caption":"Pressta Eisele \u010cS"},"image":{"@id":"https:\/\/www.pressta-eisele.eu\/hu\/#\/schema\/logo\/image\/"}}]}},"jetpack_sharing_enabled":true,"_links":{"self":[{"href":"https:\/\/www.pressta-eisele.eu\/hu\/wp-json\/wp\/v2\/product\/1186","targetHints":{"allow":["GET"]}}],"collection":[{"href":"https:\/\/www.pressta-eisele.eu\/hu\/wp-json\/wp\/v2\/product"}],"about":[{"href":"https:\/\/www.pressta-eisele.eu\/hu\/wp-json\/wp\/v2\/types\/product"}],"replies":[{"embeddable":true,"href":"https:\/\/www.pressta-eisele.eu\/hu\/wp-json\/wp\/v2\/comments?post=1186"}],"wp:featuredmedia":[{"embeddable":true,"href":"https:\/\/www.pressta-eisele.eu\/hu\/wp-json\/wp\/v2\/media\/2131"}],"wp:attachment":[{"href":"https:\/\/www.pressta-eisele.eu\/hu\/wp-json\/wp\/v2\/media?parent=1186"}],"wp:term":[{"taxonomy":"product_brand","embeddable":true,"href":"https:\/\/www.pressta-eisele.eu\/hu\/wp-json\/wp\/v2\/product_brand?post=1186"},{"taxonomy":"product_cat","embeddable":true,"href":"https:\/\/www.pressta-eisele.eu\/hu\/wp-json\/wp\/v2\/product_cat?post=1186"},{"taxonomy":"product_tag","embeddable":true,"href":"https:\/\/www.pressta-eisele.eu\/hu\/wp-json\/wp\/v2\/product_tag?post=1186"}],"curies":[{"name":"wp","href":"https:\/\/api.w.org\/{rel}","templated":true}]}}