{"id":1061,"date":"2021-01-31T19:42:48","date_gmt":"2021-01-31T18:42:48","guid":{"rendered":"https:\/\/www.pressta-eisele.eu\/produkt\/expres-vr-elektromotoricka-vertikalna-otocna-a-transportna-stanica\/"},"modified":"2021-01-31T21:34:58","modified_gmt":"2021-01-31T20:34:58","slug":"expres-vr-elektromotoricka-vertikalna-otocna-a-transportna-stanica","status":"publish","type":"product","link":"https:\/\/www.pressta-eisele.eu\/hu\/produkt\/expres-vr-elektromotoricka-vertikalna-otocna-a-transportna-stanica\/","title":{"rendered":"EXPRES VR &#8211; Elektromotorick\u00e1 vertik\u00e1lna oto\u010dn\u00e1 a transportn\u00e1 stanica"},"content":{"rendered":"","protected":false},"excerpt":{"rendered":"<p>  Zariadenie vo\u013ene pripojite\u013en\u00e9 do uzlov a celkov modul\u00e1rnych  zariaden\u00ed skupiny EXPRES  a TRIUMPH ur\u010denej pre automatick\u00fa vertik\u00e1lnu \/ horizont\u00e1lnu  prepravu okenn\u00fdch   a dvern\u00fdch r\u00e1mov vo v\u00fdrobn\u00fdch link\u00e1ch.<\/p>\n<ul>\n<li>V z\u00e1vislosti od konfigur\u00e1cie pln\u00ed \u00falohu pr\u00edjmu a  odovzdania r\u00e1mov s navesen\u00fdmi  kr\u00eddlami z motorick\u00fdch oporn\u00fdch stien alebo zo z\u00e1sobn\u00edkov.<\/li>\n<li>Kon\u0161truovan\u00e9 pre rozsah prepravovan\u00fdch elementov od 400 x  400   do 3 000 x 3 000 \/mm\/.<\/li>\n<li>Pou\u017eit\u00e9 prepravn\u00e9 p\u00e1sy z kateg\u00f3rie zv\u00fd\u0161en\u00e1 \u017eivotnos\u0165 &#8211;  ur\u010den\u00e9 pre trval\u00fa prev\u00e1dzku.<\/li>\n<li>Opcia: pripojenie na z\u00e1sobn\u00edky INDEX alebo SORTEX.<\/li>\n<\/ul>\n","protected":false},"featured_media":1062,"comment_status":"closed","ping_status":"open","template":"","meta":{"_monsterinsights_skip_tracking":false,"_monsterinsights_sitenote_active":false,"_monsterinsights_sitenote_note":"","_monsterinsights_sitenote_category":0},"product_brand":[],"product_cat":[37],"product_tag":[],"class_list":{"0":"post-1061","1":"product","2":"type-product","3":"status-publish","4":"has-post-thumbnail","6":"product_cat-montazne-stoly-kovacie-zariadenia-a-automaty","8":"first","9":"instock","10":"product-type-simple"},"yoast_head":"<!-- This site is optimized with the Yoast SEO plugin v27.5 - https:\/\/yoast.com\/product\/yoast-seo-wordpress\/ -->\n<title>EXPRES VR - Elektromotorick\u00e1 vertik\u00e1lna oto\u010dn\u00e1 a transportn\u00e1 stanica - Pressta Eisele \u010cS<\/title>\n<meta name=\"robots\" content=\"index, follow, max-snippet:-1, max-image-preview:large, max-video-preview:-1\" \/>\n<link rel=\"canonical\" href=\"https:\/\/www.pressta-eisele.eu\/hu\/produkt\/expres-vr-elektromotoricka-vertikalna-otocna-a-transportna-stanica\/\" \/>\n<meta property=\"og:locale\" content=\"hu_HU\" \/>\n<meta property=\"og:type\" content=\"article\" \/>\n<meta property=\"og:title\" content=\"EXPRES VR - Elektromotorick\u00e1 vertik\u00e1lna oto\u010dn\u00e1 a transportn\u00e1 stanica - Pressta Eisele \u010cS\" \/>\n<meta property=\"og:description\" content=\"Zariadenie vo\u013ene pripojite\u013en\u00e9 do uzlov a celkov modul\u00e1rnych zariaden\u00ed skupiny EXPRES a TRIUMPH ur\u010denej pre automatick\u00fa vertik\u00e1lnu \/ horizont\u00e1lnu prepravu okenn\u00fdch  a dvern\u00fdch r\u00e1mov vo v\u00fdrobn\u00fdch link\u00e1ch. V z\u00e1vislosti od konfigur\u00e1cie pln\u00ed \u00falohu pr\u00edjmu a odovzdania r\u00e1mov s navesen\u00fdmi kr\u00eddlami z motorick\u00fdch oporn\u00fdch stien alebo zo z\u00e1sobn\u00edkov.Kon\u0161truovan\u00e9 pre rozsah prepravovan\u00fdch elementov od 400 x 400  do 3 000 x 3 000 \/mm\/.Pou\u017eit\u00e9 prepravn\u00e9 p\u00e1sy z kateg\u00f3rie zv\u00fd\u0161en\u00e1 \u017eivotnos\u0165 - ur\u010den\u00e9 pre trval\u00fa prev\u00e1dzku.Opcia: pripojenie na z\u00e1sobn\u00edky INDEX alebo SORTEX.\" \/>\n<meta property=\"og:url\" content=\"https:\/\/www.pressta-eisele.eu\/hu\/produkt\/expres-vr-elektromotoricka-vertikalna-otocna-a-transportna-stanica\/\" \/>\n<meta property=\"og:site_name\" content=\"Pressta Eisele \u010cS\" \/>\n<meta property=\"article:modified_time\" content=\"2021-01-31T20:34:58+00:00\" \/>\n<meta property=\"og:image\" content=\"https:\/\/www.pressta-eisele.eu\/wp-content\/uploads\/2021\/01\/228.jpg\" \/>\n\t<meta property=\"og:image:width\" content=\"700\" \/>\n\t<meta property=\"og:image:height\" content=\"619\" \/>\n\t<meta property=\"og:image:type\" content=\"image\/jpeg\" \/>\n<meta name=\"twitter:card\" content=\"summary_large_image\" \/>\n<script type=\"application\/ld+json\" class=\"yoast-schema-graph\">{\"@context\":\"https:\\\/\\\/schema.org\",\"@graph\":[{\"@type\":\"WebPage\",\"@id\":\"https:\\\/\\\/www.pressta-eisele.eu\\\/hu\\\/produkt\\\/expres-vr-elektromotoricka-vertikalna-otocna-a-transportna-stanica\\\/\",\"url\":\"https:\\\/\\\/www.pressta-eisele.eu\\\/hu\\\/produkt\\\/expres-vr-elektromotoricka-vertikalna-otocna-a-transportna-stanica\\\/\",\"name\":\"EXPRES VR - Elektromotorick\u00e1 vertik\u00e1lna oto\u010dn\u00e1 a transportn\u00e1 stanica - Pressta Eisele \u010cS\",\"isPartOf\":{\"@id\":\"https:\\\/\\\/www.pressta-eisele.eu\\\/hu\\\/#website\"},\"primaryImageOfPage\":{\"@id\":\"https:\\\/\\\/www.pressta-eisele.eu\\\/hu\\\/produkt\\\/expres-vr-elektromotoricka-vertikalna-otocna-a-transportna-stanica\\\/#primaryimage\"},\"image\":{\"@id\":\"https:\\\/\\\/www.pressta-eisele.eu\\\/hu\\\/produkt\\\/expres-vr-elektromotoricka-vertikalna-otocna-a-transportna-stanica\\\/#primaryimage\"},\"thumbnailUrl\":\"https:\\\/\\\/www.pressta-eisele.eu\\\/wp-content\\\/uploads\\\/2021\\\/01\\\/228.jpg\",\"datePublished\":\"2021-01-31T18:42:48+00:00\",\"dateModified\":\"2021-01-31T20:34:58+00:00\",\"breadcrumb\":{\"@id\":\"https:\\\/\\\/www.pressta-eisele.eu\\\/hu\\\/produkt\\\/expres-vr-elektromotoricka-vertikalna-otocna-a-transportna-stanica\\\/#breadcrumb\"},\"inLanguage\":\"hu\",\"potentialAction\":[{\"@type\":\"ReadAction\",\"target\":[\"https:\\\/\\\/www.pressta-eisele.eu\\\/hu\\\/produkt\\\/expres-vr-elektromotoricka-vertikalna-otocna-a-transportna-stanica\\\/\"]}]},{\"@type\":\"ImageObject\",\"inLanguage\":\"hu\",\"@id\":\"https:\\\/\\\/www.pressta-eisele.eu\\\/hu\\\/produkt\\\/expres-vr-elektromotoricka-vertikalna-otocna-a-transportna-stanica\\\/#primaryimage\",\"url\":\"https:\\\/\\\/www.pressta-eisele.eu\\\/wp-content\\\/uploads\\\/2021\\\/01\\\/228.jpg\",\"contentUrl\":\"https:\\\/\\\/www.pressta-eisele.eu\\\/wp-content\\\/uploads\\\/2021\\\/01\\\/228.jpg\",\"width\":700,\"height\":619,\"caption\":\"EXPRES VR - Elektromotorick\u00e1 vertik\u00e1lna oto\u010dn\u00e1 a transportn\u00e1 stanica\"},{\"@type\":\"BreadcrumbList\",\"@id\":\"https:\\\/\\\/www.pressta-eisele.eu\\\/hu\\\/produkt\\\/expres-vr-elektromotoricka-vertikalna-otocna-a-transportna-stanica\\\/#breadcrumb\",\"itemListElement\":[{\"@type\":\"ListItem\",\"position\":1,\"name\":\"Home\",\"item\":\"https:\\\/\\\/www.pressta-eisele.eu\\\/hu\\\/\"},{\"@type\":\"ListItem\",\"position\":2,\"name\":\"Shop\",\"item\":\"https:\\\/\\\/www.pressta-eisele.eu\\\/hu\\\/shop\\\/\"},{\"@type\":\"ListItem\",\"position\":3,\"name\":\"EXPRES VR &#8211; Elektromotorick\u00e1 vertik\u00e1lna oto\u010dn\u00e1 a transportn\u00e1 stanica\"}]},{\"@type\":\"WebSite\",\"@id\":\"https:\\\/\\\/www.pressta-eisele.eu\\\/hu\\\/#website\",\"url\":\"https:\\\/\\\/www.pressta-eisele.eu\\\/hu\\\/\",\"name\":\"Pressta Eisele \u010cS\",\"description\":\"Vitajte vo svete produktivity\",\"publisher\":{\"@id\":\"https:\\\/\\\/www.pressta-eisele.eu\\\/hu\\\/#organization\"},\"potentialAction\":[{\"@type\":\"SearchAction\",\"target\":{\"@type\":\"EntryPoint\",\"urlTemplate\":\"https:\\\/\\\/www.pressta-eisele.eu\\\/hu\\\/?s={search_term_string}\"},\"query-input\":{\"@type\":\"PropertyValueSpecification\",\"valueRequired\":true,\"valueName\":\"search_term_string\"}}],\"inLanguage\":\"hu\"},{\"@type\":\"Organization\",\"@id\":\"https:\\\/\\\/www.pressta-eisele.eu\\\/hu\\\/#organization\",\"name\":\"Pressta Eisele \u010cS\",\"url\":\"https:\\\/\\\/www.pressta-eisele.eu\\\/hu\\\/\",\"logo\":{\"@type\":\"ImageObject\",\"inLanguage\":\"hu\",\"@id\":\"https:\\\/\\\/www.pressta-eisele.eu\\\/hu\\\/#\\\/schema\\\/logo\\\/image\\\/\",\"url\":\"https:\\\/\\\/www.pressta-eisele.eu\\\/wp-content\\\/uploads\\\/2020\\\/11\\\/pressta-logo-01v.svg\",\"contentUrl\":\"https:\\\/\\\/www.pressta-eisele.eu\\\/wp-content\\\/uploads\\\/2020\\\/11\\\/pressta-logo-01v.svg\",\"caption\":\"Pressta Eisele \u010cS\"},\"image\":{\"@id\":\"https:\\\/\\\/www.pressta-eisele.eu\\\/hu\\\/#\\\/schema\\\/logo\\\/image\\\/\"}}]}<\/script>\n<!-- \/ Yoast SEO plugin. -->","yoast_head_json":{"title":"EXPRES VR - Elektromotorick\u00e1 vertik\u00e1lna oto\u010dn\u00e1 a transportn\u00e1 stanica - Pressta Eisele \u010cS","robots":{"index":"index","follow":"follow","max-snippet":"max-snippet:-1","max-image-preview":"max-image-preview:large","max-video-preview":"max-video-preview:-1"},"canonical":"https:\/\/www.pressta-eisele.eu\/hu\/produkt\/expres-vr-elektromotoricka-vertikalna-otocna-a-transportna-stanica\/","og_locale":"hu_HU","og_type":"article","og_title":"EXPRES VR - Elektromotorick\u00e1 vertik\u00e1lna oto\u010dn\u00e1 a transportn\u00e1 stanica - Pressta Eisele \u010cS","og_description":"Zariadenie vo\u013ene pripojite\u013en\u00e9 do uzlov a celkov modul\u00e1rnych zariaden\u00ed skupiny EXPRES a TRIUMPH ur\u010denej pre automatick\u00fa vertik\u00e1lnu \/ horizont\u00e1lnu prepravu okenn\u00fdch  a dvern\u00fdch r\u00e1mov vo v\u00fdrobn\u00fdch link\u00e1ch. V z\u00e1vislosti od konfigur\u00e1cie pln\u00ed \u00falohu pr\u00edjmu a odovzdania r\u00e1mov s navesen\u00fdmi kr\u00eddlami z motorick\u00fdch oporn\u00fdch stien alebo zo z\u00e1sobn\u00edkov.Kon\u0161truovan\u00e9 pre rozsah prepravovan\u00fdch elementov od 400 x 400  do 3 000 x 3 000 \/mm\/.Pou\u017eit\u00e9 prepravn\u00e9 p\u00e1sy z kateg\u00f3rie zv\u00fd\u0161en\u00e1 \u017eivotnos\u0165 - ur\u010den\u00e9 pre trval\u00fa prev\u00e1dzku.Opcia: pripojenie na z\u00e1sobn\u00edky INDEX alebo SORTEX.","og_url":"https:\/\/www.pressta-eisele.eu\/hu\/produkt\/expres-vr-elektromotoricka-vertikalna-otocna-a-transportna-stanica\/","og_site_name":"Pressta Eisele \u010cS","article_modified_time":"2021-01-31T20:34:58+00:00","og_image":[{"width":700,"height":619,"url":"https:\/\/www.pressta-eisele.eu\/wp-content\/uploads\/2021\/01\/228.jpg","type":"image\/jpeg"}],"twitter_card":"summary_large_image","schema":{"@context":"https:\/\/schema.org","@graph":[{"@type":"WebPage","@id":"https:\/\/www.pressta-eisele.eu\/hu\/produkt\/expres-vr-elektromotoricka-vertikalna-otocna-a-transportna-stanica\/","url":"https:\/\/www.pressta-eisele.eu\/hu\/produkt\/expres-vr-elektromotoricka-vertikalna-otocna-a-transportna-stanica\/","name":"EXPRES VR - Elektromotorick\u00e1 vertik\u00e1lna oto\u010dn\u00e1 a transportn\u00e1 stanica - Pressta Eisele \u010cS","isPartOf":{"@id":"https:\/\/www.pressta-eisele.eu\/hu\/#website"},"primaryImageOfPage":{"@id":"https:\/\/www.pressta-eisele.eu\/hu\/produkt\/expres-vr-elektromotoricka-vertikalna-otocna-a-transportna-stanica\/#primaryimage"},"image":{"@id":"https:\/\/www.pressta-eisele.eu\/hu\/produkt\/expres-vr-elektromotoricka-vertikalna-otocna-a-transportna-stanica\/#primaryimage"},"thumbnailUrl":"https:\/\/www.pressta-eisele.eu\/wp-content\/uploads\/2021\/01\/228.jpg","datePublished":"2021-01-31T18:42:48+00:00","dateModified":"2021-01-31T20:34:58+00:00","breadcrumb":{"@id":"https:\/\/www.pressta-eisele.eu\/hu\/produkt\/expres-vr-elektromotoricka-vertikalna-otocna-a-transportna-stanica\/#breadcrumb"},"inLanguage":"hu","potentialAction":[{"@type":"ReadAction","target":["https:\/\/www.pressta-eisele.eu\/hu\/produkt\/expres-vr-elektromotoricka-vertikalna-otocna-a-transportna-stanica\/"]}]},{"@type":"ImageObject","inLanguage":"hu","@id":"https:\/\/www.pressta-eisele.eu\/hu\/produkt\/expres-vr-elektromotoricka-vertikalna-otocna-a-transportna-stanica\/#primaryimage","url":"https:\/\/www.pressta-eisele.eu\/wp-content\/uploads\/2021\/01\/228.jpg","contentUrl":"https:\/\/www.pressta-eisele.eu\/wp-content\/uploads\/2021\/01\/228.jpg","width":700,"height":619,"caption":"EXPRES VR - Elektromotorick\u00e1 vertik\u00e1lna oto\u010dn\u00e1 a transportn\u00e1 stanica"},{"@type":"BreadcrumbList","@id":"https:\/\/www.pressta-eisele.eu\/hu\/produkt\/expres-vr-elektromotoricka-vertikalna-otocna-a-transportna-stanica\/#breadcrumb","itemListElement":[{"@type":"ListItem","position":1,"name":"Home","item":"https:\/\/www.pressta-eisele.eu\/hu\/"},{"@type":"ListItem","position":2,"name":"Shop","item":"https:\/\/www.pressta-eisele.eu\/hu\/shop\/"},{"@type":"ListItem","position":3,"name":"EXPRES VR &#8211; Elektromotorick\u00e1 vertik\u00e1lna oto\u010dn\u00e1 a transportn\u00e1 stanica"}]},{"@type":"WebSite","@id":"https:\/\/www.pressta-eisele.eu\/hu\/#website","url":"https:\/\/www.pressta-eisele.eu\/hu\/","name":"Pressta Eisele \u010cS","description":"Vitajte vo svete produktivity","publisher":{"@id":"https:\/\/www.pressta-eisele.eu\/hu\/#organization"},"potentialAction":[{"@type":"SearchAction","target":{"@type":"EntryPoint","urlTemplate":"https:\/\/www.pressta-eisele.eu\/hu\/?s={search_term_string}"},"query-input":{"@type":"PropertyValueSpecification","valueRequired":true,"valueName":"search_term_string"}}],"inLanguage":"hu"},{"@type":"Organization","@id":"https:\/\/www.pressta-eisele.eu\/hu\/#organization","name":"Pressta Eisele \u010cS","url":"https:\/\/www.pressta-eisele.eu\/hu\/","logo":{"@type":"ImageObject","inLanguage":"hu","@id":"https:\/\/www.pressta-eisele.eu\/hu\/#\/schema\/logo\/image\/","url":"https:\/\/www.pressta-eisele.eu\/wp-content\/uploads\/2020\/11\/pressta-logo-01v.svg","contentUrl":"https:\/\/www.pressta-eisele.eu\/wp-content\/uploads\/2020\/11\/pressta-logo-01v.svg","caption":"Pressta Eisele \u010cS"},"image":{"@id":"https:\/\/www.pressta-eisele.eu\/hu\/#\/schema\/logo\/image\/"}}]}},"jetpack_sharing_enabled":true,"_links":{"self":[{"href":"https:\/\/www.pressta-eisele.eu\/hu\/wp-json\/wp\/v2\/product\/1061","targetHints":{"allow":["GET"]}}],"collection":[{"href":"https:\/\/www.pressta-eisele.eu\/hu\/wp-json\/wp\/v2\/product"}],"about":[{"href":"https:\/\/www.pressta-eisele.eu\/hu\/wp-json\/wp\/v2\/types\/product"}],"replies":[{"embeddable":true,"href":"https:\/\/www.pressta-eisele.eu\/hu\/wp-json\/wp\/v2\/comments?post=1061"}],"wp:featuredmedia":[{"embeddable":true,"href":"https:\/\/www.pressta-eisele.eu\/hu\/wp-json\/wp\/v2\/media\/1062"}],"wp:attachment":[{"href":"https:\/\/www.pressta-eisele.eu\/hu\/wp-json\/wp\/v2\/media?parent=1061"}],"wp:term":[{"taxonomy":"product_brand","embeddable":true,"href":"https:\/\/www.pressta-eisele.eu\/hu\/wp-json\/wp\/v2\/product_brand?post=1061"},{"taxonomy":"product_cat","embeddable":true,"href":"https:\/\/www.pressta-eisele.eu\/hu\/wp-json\/wp\/v2\/product_cat?post=1061"},{"taxonomy":"product_tag","embeddable":true,"href":"https:\/\/www.pressta-eisele.eu\/hu\/wp-json\/wp\/v2\/product_tag?post=1061"}],"curies":[{"name":"wp","href":"https:\/\/api.w.org\/{rel}","templated":true}]}}